{"id":1149,"date":"2020-08-03T18:38:24","date_gmt":"2020-08-03T18:38:24","guid":{"rendered":"https:\/\/ocaction.org\/values\/"},"modified":"2025-02-07T06:16:54","modified_gmt":"2025-02-07T06:16:54","slug":"values","status":"publish","type":"page","link":"https:\/\/ocaction.org\/es\/values\/","title":{"rendered":"Valores de la Alianza"},"content":{"rendered":"\n<div class=\"wp-block-cover alignfull\"><span aria-hidden=\"true\" class=\"has-background-dim-60 wp-block-cover__gradient-background has-background-dim\"><\/span><img fetchpriority=\"high\" decoding=\"async\" width=\"2560\" height=\"1707\" class=\"wp-block-cover__image-background wp-image-337\" alt=\"\" src=\"http:\/\/ocaction.org\/wp-content\/uploads\/sites\/8\/2020\/08\/Ocean-waves-83437879-scaled-1.jpeg\" style=\"object-position:52% 20%\" data-object-fit=\"cover\" data-object-position=\"52% 20%\" srcset=\"https:\/\/ocaction.org\/wp-content\/uploads\/sites\/8\/2020\/08\/Ocean-waves-83437879-scaled-1.jpeg 2560w, https:\/\/ocaction.org\/wp-content\/uploads\/sites\/8\/2020\/08\/Ocean-waves-83437879-scaled-1-300x200.jpeg 300w, https:\/\/ocaction.org\/wp-content\/uploads\/sites\/8\/2020\/08\/Ocean-waves-83437879-scaled-1-1024x683.jpeg 1024w, https:\/\/ocaction.org\/wp-content\/uploads\/sites\/8\/2020\/08\/Ocean-waves-83437879-scaled-1-768x512.jpeg 768w, https:\/\/ocaction.org\/wp-content\/uploads\/sites\/8\/2020\/08\/Ocean-waves-83437879-scaled-1-1536x1024.jpeg 1536w, https:\/\/ocaction.org\/wp-content\/uploads\/sites\/8\/2020\/08\/Ocean-waves-83437879-scaled-1-2048x1366.jpeg 2048w, https:\/\/ocaction.org\/wp-content\/uploads\/sites\/8\/2020\/08\/Ocean-waves-83437879-scaled-1-1200x800.jpeg 1200w, https:\/\/ocaction.org\/wp-content\/uploads\/sites\/8\/2020\/08\/Ocean-waves-83437879-scaled-1-1980x1320.jpeg 1980w\" sizes=\"(max-width: 2560px) 100vw, 2560px\" \/><div class=\"wp-block-cover__inner-container is-layout-flow wp-block-cover-is-layout-flow\">\n<div style=\"height:50px\" aria-hidden=\"true\" class=\"wp-block-spacer\"><\/div>\n\n\n\n<h1 class=\"has-text-align-center wp-block-heading\">Valores de la Alianza<\/h1>\n\n\n\n<h4 class=\"wp-block-heading\">Nos proponemos desarrollar una alianza Asi\u00e1tica, Latinx, Sindical, y de Justicia Ambiental, que impulsar\u00e1 el condado de Orange hacia una transformaci\u00f3n progresiva.<\/h4>\n\n\n\n<div style=\"height:150px\" aria-hidden=\"true\" class=\"wp-block-spacer\"><\/div>\n\n\n\n<p><\/p>\n<\/div><\/div>\n\n\n\n<div class=\"wp-block-columns are-vertically-aligned-top is-layout-flex wp-container-core-columns-is-layout-9d6595d7 wp-block-columns-is-layout-flex\">\n<div class=\"wp-block-column is-vertically-aligned-top is-layout-flow wp-block-column-is-layout-flow\" style=\"flex-basis:33.33%\">\n<p class=\"has-text-align-right has-larger-font-size\"><strong>Democracia real<\/strong><\/p>\n<\/div>\n\n\n\n<div class=\"wp-block-column is-vertically-aligned-top is-layout-flow wp-block-column-is-layout-flow\" style=\"flex-basis:66.66%\">\n<p class=\"has-large-font-size\">Apoyamos un condado de Orange que proteja una democracia para toda la comunidad y aumentar el poder del voto de todos los miembros.<\/p>\n<\/div>\n<\/div>\n\n\n\n<div class=\"wp-block-columns are-vertically-aligned-top is-layout-flex wp-container-core-columns-is-layout-9d6595d7 wp-block-columns-is-layout-flex\">\n<div class=\"wp-block-column is-vertically-aligned-top is-layout-flow wp-block-column-is-layout-flow\" style=\"flex-basis:33.33%\">\n<p class=\"has-text-align-right has-larger-font-size\"><strong>Transici\u00f3n justa<\/strong><\/p>\n<\/div>\n\n\n\n<div class=\"wp-block-column is-vertically-aligned-top is-layout-flow wp-block-column-is-layout-flow\" style=\"flex-basis:66.66%\">\n<p class=\"has-large-font-size\">Apoyamos una justicia econ\u00f3mica interseccional que lucha por los derechos de los trabajadores en la regi\u00f3n y busca avanzar econom\u00edas justas, no explotativas y mutuamente interdependientes.<\/p>\n\n\n\n<p class=\"has-large-font-size\">El condado de Orange necesita pasar por una transici\u00f3n justa, enfoc\u00e1ndose en una econom\u00eda de renovables que est\u00e9 arraigado en las prioridades locales y de justicia ambiental.<\/p>\n<\/div>\n<\/div>\n\n\n\n<div class=\"wp-block-columns are-vertically-aligned-top is-layout-flex wp-container-core-columns-is-layout-9d6595d7 wp-block-columns-is-layout-flex\">\n<div class=\"wp-block-column is-vertically-aligned-top is-layout-flow wp-block-column-is-layout-flow\" style=\"flex-basis:33.33%\">\n<p class=\"has-text-align-right has-larger-font-size\"><strong>El derecho al techo es un derecho humano<\/strong><\/p>\n<\/div>\n\n\n\n<div class=\"wp-block-column is-vertically-aligned-top is-layout-flow wp-block-column-is-layout-flow\" style=\"flex-basis:66.66%\">\n<p class=\"has-large-font-size\">El derecho a la vivienda es un derecho humano; todos merecemos una vivienda decente y de bajos costos sin la amenaza del desalojo o encarcelamiento.<\/p>\n<\/div>\n<\/div>\n\n\n\n<div class=\"wp-block-columns are-vertically-aligned-top is-layout-flex wp-container-core-columns-is-layout-9d6595d7 wp-block-columns-is-layout-flex\">\n<div class=\"wp-block-column is-vertically-aligned-top is-layout-flow wp-block-column-is-layout-flow\" style=\"flex-basis:33.33%\">\n<p class=\"has-text-align-right has-larger-font-size\"><strong>Transformaci\u00f3n de la educaci\u00f3n p\u00fablica<\/strong><\/p>\n<\/div>\n\n\n\n<div class=\"wp-block-column is-vertically-aligned-top is-layout-flow wp-block-column-is-layout-flow\" style=\"flex-basis:66.66%\">\n<p class=\"has-large-font-size\">La educaci\u00f3n p\u00fablica debe estar arraigada en la liberaci\u00f3n del pueblo. Apoyamos deshacer el sistema estructural que hace que los estudiantes terminen a menudo en las c\u00e1rceles &#8211; debemos reemplazar medidas punitivas con una pr\u00e1ctica transformacional. Debemos aumentar el presupuesto de escuelas p\u00fablicas en una magnitud exponencial, lo cual asegurar\u00e1 que todo estudiante pueda alcanzar su potencial.<\/p>\n<\/div>\n<\/div>\n\n\n\n<div class=\"wp-block-columns are-vertically-aligned-top is-layout-flex wp-container-core-columns-is-layout-9d6595d7 wp-block-columns-is-layout-flex\">\n<div class=\"wp-block-column is-vertically-aligned-top is-layout-flow wp-block-column-is-layout-flow\" style=\"flex-basis:33.33%\">\n<p class=\"has-text-align-right has-larger-font-size\"><strong>Justicia inmigrante<\/strong><\/p>\n<\/div>\n\n\n\n<div class=\"wp-block-column is-vertically-aligned-top is-layout-flow wp-block-column-is-layout-flow\" style=\"flex-basis:66.66%\">\n<p class=\"has-large-font-size\">El condado de Orange necesita ser un modelo regional para las comunidades que busquen apoyar a los inmigrantes para lograr \u00e9xito &#8211; incluyendo eliminar los peligros de criminalizaci\u00f3n y deportaci\u00f3n de nuestras comunidades.<\/p>\n<\/div>\n<\/div>\n\n\n\n<div class=\"wp-block-columns are-vertically-aligned-top is-layout-flex wp-container-core-columns-is-layout-9d6595d7 wp-block-columns-is-layout-flex\">\n<div class=\"wp-block-column is-vertically-aligned-top is-layout-flow wp-block-column-is-layout-flow\" style=\"flex-basis:33.33%\">\n<p class=\"has-larger-font-size\"><strong>Vidas sanas y exitosas<\/strong><\/p>\n<\/div>\n\n\n\n<div class=\"wp-block-column is-vertically-aligned-top is-layout-flow wp-block-column-is-layout-flow\" style=\"flex-basis:66.66%\">\n<p class=\"has-large-font-size\">La salud es un derecho humano y un bien p\u00fablico. El sistema de salud debe tocar tanto la desigualdad sist\u00e9mica de la salud individual como la salud mental de aquellos que sobreviven el trauma y la opresi\u00f3n.<\/p>\n<\/div>\n<\/div>\n","protected":false},"excerpt":{"rendered":"<p>Democracia real Apoyamos un condado de Orange que proteja una democracia para toda la comunidad y aumentar el poder del voto de todos los miembros. Transici\u00f3n justa Apoyamos una justicia econ\u00f3mica interseccional que lucha por los derechos de los trabajadores en la regi\u00f3n y busca avanzar econom\u00edas justas, no explotativas y mutuamente interdependientes. El condado [&hellip;]<\/p>\n","protected":false},"author":1,"featured_media":0,"parent":0,"menu_order":0,"comment_status":"closed","ping_status":"closed","template":"templates\/template-full-width.php","meta":{"footnotes":""},"class_list":["post-1149","page","type-page","status-publish","hentry"],"yoast_head":"<!-- This site is optimized with the Yoast SEO Premium plugin v25.6 (Yoast SEO v25.6) - https:\/\/yoast.com\/wordpress\/plugins\/seo\/ -->\n<title>Valores de la Alianza - OC Action<\/title>\n<meta name=\"robots\" content=\"index, follow, max-snippet:-1, max-image-preview:large, max-video-preview:-1\" \/>\n<link rel=\"canonical\" href=\"https:\/\/ocaction.org\/values\/\" \/>\n<meta property=\"og:locale\" content=\"es_ES\" \/>\n<meta property=\"og:type\" content=\"article\" \/>\n<meta property=\"og:title\" content=\"Valores de la Alianza\" \/>\n<meta property=\"og:description\" content=\"Democracia real Apoyamos un condado de Orange que proteja una democracia para toda la comunidad y aumentar el poder del voto de todos los miembros. Transici\u00f3n justa Apoyamos una justicia econ\u00f3mica interseccional que lucha por los derechos de los trabajadores en la regi\u00f3n y busca avanzar econom\u00edas justas, no explotativas y mutuamente interdependientes. El condado [&hellip;]\" \/>\n<meta property=\"og:url\" content=\"https:\/\/ocaction.org\/values\/\" \/>\n<meta property=\"og:site_name\" content=\"OC Action\" \/>\n<meta property=\"article:modified_time\" content=\"2025-02-07T06:16:54+00:00\" \/>\n<meta property=\"og:image\" content=\"https:\/\/ocaction.org\/wp-content\/uploads\/sites\/8\/2020\/08\/Ocean-waves-83437879-scaled-1.jpeg\" \/>\n\t<meta property=\"og:image:width\" content=\"2560\" \/>\n\t<meta property=\"og:image:height\" content=\"1707\" \/>\n\t<meta property=\"og:image:type\" content=\"image\/jpeg\" \/>\n<meta name=\"twitter:card\" content=\"summary_large_image\" \/>\n<meta name=\"twitter:label1\" content=\"Tiempo de lectura\" \/>\n\t<meta name=\"twitter:data1\" content=\"2 minutos\" \/>\n<script type=\"application\/ld+json\" class=\"yoast-schema-graph\">{\"@context\":\"https:\/\/schema.org\",\"@graph\":[{\"@type\":\"WebPage\",\"@id\":\"https:\/\/ocaction.org\/values\/\",\"url\":\"https:\/\/ocaction.org\/values\/\",\"name\":\"Valores de la Alianza - OC Action\",\"isPartOf\":{\"@id\":\"https:\/\/ocaction.org\/#website\"},\"primaryImageOfPage\":{\"@id\":\"https:\/\/ocaction.org\/values\/#primaryimage\"},\"image\":{\"@id\":\"https:\/\/ocaction.org\/values\/#primaryimage\"},\"thumbnailUrl\":\"http:\/\/ocaction.org\/wp-content\/uploads\/sites\/8\/2020\/08\/Ocean-waves-83437879-scaled-1.jpeg\",\"datePublished\":\"2020-08-03T18:38:24+00:00\",\"dateModified\":\"2025-02-07T06:16:54+00:00\",\"breadcrumb\":{\"@id\":\"https:\/\/ocaction.org\/values\/#breadcrumb\"},\"inLanguage\":\"es\",\"potentialAction\":[{\"@type\":\"ReadAction\",\"target\":[\"https:\/\/ocaction.org\/values\/\"]}]},{\"@type\":\"ImageObject\",\"inLanguage\":\"es\",\"@id\":\"https:\/\/ocaction.org\/values\/#primaryimage\",\"url\":\"http:\/\/ocaction.org\/wp-content\/uploads\/sites\/8\/2020\/08\/Ocean-waves-83437879-scaled-1.jpeg\",\"contentUrl\":\"http:\/\/ocaction.org\/wp-content\/uploads\/sites\/8\/2020\/08\/Ocean-waves-83437879-scaled-1.jpeg\"},{\"@type\":\"BreadcrumbList\",\"@id\":\"https:\/\/ocaction.org\/values\/#breadcrumb\",\"itemListElement\":[{\"@type\":\"ListItem\",\"position\":1,\"name\":\"Home\",\"item\":\"https:\/\/ocaction.org\/\"},{\"@type\":\"ListItem\",\"position\":2,\"name\":\"Valores de la Alianza\"}]},{\"@type\":\"WebSite\",\"@id\":\"https:\/\/ocaction.org\/#website\",\"url\":\"https:\/\/ocaction.org\/\",\"name\":\"OC Action\",\"description\":\"\",\"publisher\":{\"@id\":\"https:\/\/ocaction.org\/#organization\"},\"potentialAction\":[{\"@type\":\"SearchAction\",\"target\":{\"@type\":\"EntryPoint\",\"urlTemplate\":\"https:\/\/ocaction.org\/?s={search_term_string}\"},\"query-input\":{\"@type\":\"PropertyValueSpecification\",\"valueRequired\":true,\"valueName\":\"search_term_string\"}}],\"inLanguage\":\"es\"},{\"@type\":[\"Organization\",\"Place\"],\"@id\":\"https:\/\/ocaction.org\/#organization\",\"name\":\"OC Action\",\"url\":\"https:\/\/ocaction.org\/\",\"logo\":{\"@id\":\"https:\/\/ocaction.org\/values\/#local-main-organization-logo\"},\"image\":{\"@id\":\"https:\/\/ocaction.org\/values\/#local-main-organization-logo\"},\"telephone\":[],\"openingHoursSpecification\":[{\"@type\":\"OpeningHoursSpecification\",\"dayOfWeek\":[\"Monday\",\"Tuesday\",\"Wednesday\",\"Thursday\",\"Friday\",\"Saturday\",\"Sunday\"],\"opens\":\"09:00\",\"closes\":\"17:00\"}]},{\"@type\":\"ImageObject\",\"inLanguage\":\"es\",\"@id\":\"https:\/\/ocaction.org\/values\/#local-main-organization-logo\",\"url\":\"https:\/\/ocaction.org\/wp-content\/uploads\/sites\/8\/2025\/08\/OC-Action-Banner.png\",\"contentUrl\":\"https:\/\/ocaction.org\/wp-content\/uploads\/sites\/8\/2025\/08\/OC-Action-Banner.png\",\"width\":767,\"height\":190,\"caption\":\"OC Action\"}]}<\/script>\n<!-- \/ Yoast SEO Premium plugin. -->","yoast_head_json":{"title":"Valores de la Alianza - OC Action","robots":{"index":"index","follow":"follow","max-snippet":"max-snippet:-1","max-image-preview":"max-image-preview:large","max-video-preview":"max-video-preview:-1"},"canonical":"https:\/\/ocaction.org\/values\/","og_locale":"es_ES","og_type":"article","og_title":"Valores de la Alianza","og_description":"Democracia real Apoyamos un condado de Orange que proteja una democracia para toda la comunidad y aumentar el poder del voto de todos los miembros. Transici\u00f3n justa Apoyamos una justicia econ\u00f3mica interseccional que lucha por los derechos de los trabajadores en la regi\u00f3n y busca avanzar econom\u00edas justas, no explotativas y mutuamente interdependientes. El condado [&hellip;]","og_url":"https:\/\/ocaction.org\/values\/","og_site_name":"OC Action","article_modified_time":"2025-02-07T06:16:54+00:00","og_image":[{"width":2560,"height":1707,"url":"https:\/\/ocaction.org\/wp-content\/uploads\/sites\/8\/2020\/08\/Ocean-waves-83437879-scaled-1.jpeg","type":"image\/jpeg"}],"twitter_card":"summary_large_image","twitter_misc":{"Tiempo de lectura":"2 minutos"},"schema":{"@context":"https:\/\/schema.org","@graph":[{"@type":"WebPage","@id":"https:\/\/ocaction.org\/values\/","url":"https:\/\/ocaction.org\/values\/","name":"Valores de la Alianza - OC Action","isPartOf":{"@id":"https:\/\/ocaction.org\/#website"},"primaryImageOfPage":{"@id":"https:\/\/ocaction.org\/values\/#primaryimage"},"image":{"@id":"https:\/\/ocaction.org\/values\/#primaryimage"},"thumbnailUrl":"http:\/\/ocaction.org\/wp-content\/uploads\/sites\/8\/2020\/08\/Ocean-waves-83437879-scaled-1.jpeg","datePublished":"2020-08-03T18:38:24+00:00","dateModified":"2025-02-07T06:16:54+00:00","breadcrumb":{"@id":"https:\/\/ocaction.org\/values\/#breadcrumb"},"inLanguage":"es","potentialAction":[{"@type":"ReadAction","target":["https:\/\/ocaction.org\/values\/"]}]},{"@type":"ImageObject","inLanguage":"es","@id":"https:\/\/ocaction.org\/values\/#primaryimage","url":"http:\/\/ocaction.org\/wp-content\/uploads\/sites\/8\/2020\/08\/Ocean-waves-83437879-scaled-1.jpeg","contentUrl":"http:\/\/ocaction.org\/wp-content\/uploads\/sites\/8\/2020\/08\/Ocean-waves-83437879-scaled-1.jpeg"},{"@type":"BreadcrumbList","@id":"https:\/\/ocaction.org\/values\/#breadcrumb","itemListElement":[{"@type":"ListItem","position":1,"name":"Home","item":"https:\/\/ocaction.org\/"},{"@type":"ListItem","position":2,"name":"Valores de la Alianza"}]},{"@type":"WebSite","@id":"https:\/\/ocaction.org\/#website","url":"https:\/\/ocaction.org\/","name":"OC Action","description":"","publisher":{"@id":"https:\/\/ocaction.org\/#organization"},"potentialAction":[{"@type":"SearchAction","target":{"@type":"EntryPoint","urlTemplate":"https:\/\/ocaction.org\/?s={search_term_string}"},"query-input":{"@type":"PropertyValueSpecification","valueRequired":true,"valueName":"search_term_string"}}],"inLanguage":"es"},{"@type":["Organization","Place"],"@id":"https:\/\/ocaction.org\/#organization","name":"OC Action","url":"https:\/\/ocaction.org\/","logo":{"@id":"https:\/\/ocaction.org\/values\/#local-main-organization-logo"},"image":{"@id":"https:\/\/ocaction.org\/values\/#local-main-organization-logo"},"telephone":[],"openingHoursSpecification":[{"@type":"OpeningHoursSpecification","dayOfWeek":["Monday","Tuesday","Wednesday","Thursday","Friday","Saturday","Sunday"],"opens":"09:00","closes":"17:00"}]},{"@type":"ImageObject","inLanguage":"es","@id":"https:\/\/ocaction.org\/values\/#local-main-organization-logo","url":"https:\/\/ocaction.org\/wp-content\/uploads\/sites\/8\/2025\/08\/OC-Action-Banner.png","contentUrl":"https:\/\/ocaction.org\/wp-content\/uploads\/sites\/8\/2025\/08\/OC-Action-Banner.png","width":767,"height":190,"caption":"OC Action"}]}},"_links":{"self":[{"href":"https:\/\/ocaction.org\/es\/wp-json\/wp\/v2\/pages\/1149","targetHints":{"allow":["GET"]}}],"collection":[{"href":"https:\/\/ocaction.org\/es\/wp-json\/wp\/v2\/pages"}],"about":[{"href":"https:\/\/ocaction.org\/es\/wp-json\/wp\/v2\/types\/page"}],"author":[{"embeddable":true,"href":"https:\/\/ocaction.org\/es\/wp-json\/wp\/v2\/users\/1"}],"replies":[{"embeddable":true,"href":"https:\/\/ocaction.org\/es\/wp-json\/wp\/v2\/comments?post=1149"}],"version-history":[{"count":1,"href":"https:\/\/ocaction.org\/es\/wp-json\/wp\/v2\/pages\/1149\/revisions"}],"predecessor-version":[{"id":6412,"href":"https:\/\/ocaction.org\/es\/wp-json\/wp\/v2\/pages\/1149\/revisions\/6412"}],"wp:attachment":[{"href":"https:\/\/ocaction.org\/es\/wp-json\/wp\/v2\/media?parent=1149"}],"curies":[{"name":"wp","href":"https:\/\/api.w.org\/{rel}","templated":true}]}}