{"id":2469,"date":"2020-10-10T12:28:55","date_gmt":"2020-10-10T19:28:55","guid":{"rendered":"https:\/\/ocaction.org\/?page_id=2469"},"modified":"2025-02-07T06:16:56","modified_gmt":"2025-02-07T06:16:56","slug":"santaana","status":"publish","type":"page","link":"https:\/\/ocaction.org\/es\/c\/santaana\/","title":{"rendered":"Santa Ana"},"content":{"rendered":"\n<ul class=\"wp-block-list\"><li>Mayor of Sana Ana:&nbsp;<a href=\"#samayor\">Vicente Sarmiento<\/a><\/li><li>City Council District 1:&nbsp;<a href=\"#sa1\">Thai Viet Phan<\/a><\/li><li>City Council District 3:&nbsp;<a href=\"#sa3\">Jessie Lopez<\/a><\/li><li><a href=\"#sausd\">Santa Ana Unified School District<\/a><ul><li><a href=\"#sausd1\">Alfonso Alvarez<\/a><\/li><li><a href=\"#sausd2\">Carolyn Torres<\/a><\/li><li><a href=\"#sausd3\">Rigoberto Rodriguez<\/a><\/li><\/ul><\/li><\/ul>\n\n\n\n<div class=\"wp-block-cover alignfull has-background-dim is-position-center-center\" style=\"background-image:url(http:\/\/ocaction.org\/wp-content\/uploads\/sites\/8\/2020\/09\/Old_Courthouse_Santa_Ana_California.jpg);background-color:#347ace;background-position:54% 42%;min-height:20px;aspect-ratio:unset;\"><div class=\"wp-block-cover__inner-container is-layout-flow wp-block-cover-is-layout-flow\">\n<div class=\"wp-block-media-text alignwide has-media-on-the-right is-stacked-on-mobile is-vertically-aligned-center\" style=\"grid-template-columns:auto 33%\"><figure class=\"wp-block-media-text__media\"><img fetchpriority=\"high\" decoding=\"async\" width=\"666\" height=\"669\" src=\"http:\/\/ocaction.org\/wp-content\/uploads\/sites\/8\/2020\/09\/Santa-Ana-Wards.png\" alt=\"\" class=\"wp-image-1827\" srcset=\"https:\/\/ocaction.org\/wp-content\/uploads\/sites\/8\/2020\/09\/Santa-Ana-Wards.png 666w, https:\/\/ocaction.org\/wp-content\/uploads\/sites\/8\/2020\/09\/Santa-Ana-Wards-300x300.png 300w, https:\/\/ocaction.org\/wp-content\/uploads\/sites\/8\/2020\/09\/Santa-Ana-Wards-150x150.png 150w\" sizes=\"(max-width: 666px) 100vw, 666px\" \/><\/figure><div class=\"wp-block-media-text__content\">\n<h2 class=\"has-text-align-right wp-block-heading\" id=\"sa\">Santa Ana<\/h2>\n\n\n\n<p>En Santa Ana hay un alcalde y seis concejales. Los concejales establecen pol\u00edticas p\u00fablicas, legislan ordenanzas, y aprueban el presupuesto. El alcalde propone y administra el presupuesto, nombra jefes en cada departamento, y se encarga de la administraci\u00f3n de la ciudad.<\/p>\n\n\n\n<p>El alcalde actual, Miguel Pulido, ha sido reelegido por 26 a\u00f1os desde 1994. Bajo las nuevas leyes de l\u00edmites para pol\u00edticos, el \u00faltimo a\u00f1o para Pulido es el a\u00f1o 2020.<\/p>\n\n\n\n<p>El <a href=\"https:\/\/www.santa-ana.org\/cc\/city-elections\"><span style=\"color:#ffea00\" class=\"has-inline-color\">alcalde y concejales para los Distritos 1, 3, y 5<\/span><\/a> ser\u00e1n electos en 2020.<\/p>\n<\/div><\/div>\n\n\n\n<p><\/p>\n<\/div><\/div>\n\n\n\n<h3 class=\"has-text-align-center has-secondary-color has-text-color wp-block-heading\" id=\"samayor\">Alcalde de Santa Ana<\/h3>\n\n\n\n<div class=\"wp-block-columns alignwide is-layout-flex wp-container-core-columns-is-layout-9d6595d7 wp-block-columns-is-layout-flex\">\n<div class=\"wp-block-column is-layout-flow wp-block-column-is-layout-flow\">\n<p>OCCET Action recomienda a Vicente Sarmiento como alcalde de Santa Ana.<\/p>\n\n\n\n<p><strong>Vicente Sarmiento<\/strong> es el actual concejal de Santa Ana y es un abogado que trabaja con leyes de bancarrota y organizaciones locales. Es hijo de inmigrantes bolivianos.<\/p>\n\n\n\n<p>Algunas de sus prioridades incluyen:<\/p>\n\n\n\n<ul class=\"wp-block-list\"><li>m\u00e1s <strong>parques<\/strong><\/li><li><strong>reducir el desalojo<\/strong><\/li><li>proveer de m\u00e1s <strong>viviendas asequibles<\/strong> a familias trabajadoras<\/li><li>invertir en programas juveniles<\/li><li>apoyar iniciativas para que la ciudad sea m\u00e1s segura<\/li><\/ul>\n\n\n\n<p><\/p>\n<\/div>\n\n\n\n<div class=\"wp-block-column is-vertically-aligned-top is-layout-flow wp-block-column-is-layout-flow\">\n<figure class=\"wp-block-image size-large\"><img decoding=\"async\" src=\"https:\/\/ocaction.org\/wp-content\/uploads\/sites\/56\/2020\/10\/Candidate-Check-rev214.png\" alt=\"\" class=\"wp-image-2348\" \/><\/figure>\n<\/div>\n\n\n\n<div class=\"wp-block-column is-vertically-aligned-top is-layout-flow wp-block-column-is-layout-flow\">\n<h4 class=\"has-secondary-color has-text-color wp-block-heading\">Respaldantes<\/h4>\n\n\n\n<p>Algunos de aquellos que respaldan a Vicente Sarmiento incluyen:<\/p>\n\n\n\n<ul class=\"wp-block-list\" id=\"block-478b7314-8ffd-4f41-af26-7f71bbec50ef\"><li>Chispa<\/li><li>Democratic Party of Orange County<\/li><li>Desi Reyes, leader of Saddleback View Neighborhood Association<\/li><\/ul>\n<\/div>\n<\/div>\n\n\n\n<div class=\"wp-block-cover alignfull has-background-dim\" style=\"background-color:#347ace;min-height:150px;aspect-ratio:unset;\"><div class=\"wp-block-cover__inner-container is-layout-flow wp-block-cover-is-layout-flow\">\n<p class=\"has-text-align-center has-large-font-size\"><\/p>\n<\/div><\/div>\n\n\n\n<h3 class=\"has-text-align-center has-secondary-color has-text-color wp-block-heading\" id=\"sa1\">Concejal del Distrito 1 de Santa Ana<\/h3>\n\n\n\n<div class=\"wp-block-columns alignwide is-layout-flex wp-container-core-columns-is-layout-9d6595d7 wp-block-columns-is-layout-flex\">\n<div class=\"wp-block-column is-layout-flow wp-block-column-is-layout-flow\">\n<p>OCCET Action recomienda a Thai Viet Phan como concejal del distrito 1 de Santa Ana.<\/p>\n\n\n\n<p><strong>Th\u00e1i Vi\u1ec7t Phan<\/strong> es abogada en una compa\u00f1\u00eda legal y es refugiada de la guerra de Vietnam. Phan sirve en la Comisi\u00f3n de Planificaci\u00f3n de Santa Ana, la Asociaci\u00f3n de Abogados Vietnamitas, y el Heritage Museum del condado.<\/p>\n\n\n\n<p>Algunas de sus prioridades incluyen: <\/p>\n\n\n\n<ul class=\"wp-block-list\"><li>promover <strong>viviendas asequibles<\/strong>, aumentar el desarrollo de viviendas que no sean de lujo, y generar ingresos de tarifas de in-lieu para las viviendas.<\/li><li>ayudar a los peque\u00f1os negocios y los residentes a sobrevivir la crisis del Coronavirus, aumentando promoci\u00f3n en diferentes idiomas, y una<strong> distribuci\u00f3n balanceada de fondos federales<\/strong><\/li><li>reformar la <strong>seguridad p\u00fablica<\/strong>, aumentando la confianza en las instituciones<\/li><\/ul>\n\n\n\n<p><\/p>\n<\/div>\n\n\n\n<div class=\"wp-block-column is-vertically-aligned-top is-layout-flow wp-block-column-is-layout-flow\">\n<figure class=\"wp-block-image size-large\"><img decoding=\"async\" src=\"https:\/\/ocaction.org\/wp-content\/uploads\/sites\/56\/2020\/10\/Candidate-Check-rev213.png\" alt=\"\" class=\"wp-image-2344\" \/><\/figure>\n<\/div>\n\n\n\n<div class=\"wp-block-column is-vertically-aligned-top is-layout-flow wp-block-column-is-layout-flow\">\n<h4 class=\"has-secondary-color has-text-color wp-block-heading\">Respaldantes<\/h4>\n\n\n\n<p>Algunos de aquellos que respaldan a Thai Viet Phan incluyen:<\/p>\n\n\n\n<ul class=\"wp-block-list\"><li>Sharon Quirk-Silva, Assemblymember AD 65<\/li><li>David Pe\u00f1aloza, Santa Ana City Council Member \u2013 Ward 2<\/li><li>United Food and Commercial Workers (UFCW) Local 324<\/li><li>PIVOT \u2013 The Progressive Vietnamese American Organization<\/li><\/ul>\n\n\n\n<div class=\"wp-block-buttons is-layout-flex wp-block-buttons-is-layout-flex\">\n<div class=\"wp-block-button is-style-outline is-style-outline--1\"><a class=\"wp-block-button__link\" href=\"https:\/\/thaivietphan.com\/endorsements\/\">Ver lista completa<\/a><\/div>\n<\/div>\n<\/div>\n<\/div>\n\n\n\n<div class=\"wp-block-cover alignfull has-background-dim\" style=\"background-color:#347ace;min-height:150px;aspect-ratio:unset;\"><div class=\"wp-block-cover__inner-container is-layout-flow wp-block-cover-is-layout-flow\">\n<p class=\"has-text-align-center has-large-font-size\"><\/p>\n<\/div><\/div>\n\n\n\n<h3 class=\"has-text-align-center has-secondary-color has-text-color wp-block-heading\" id=\"sa3\">Concejal del Distrito 3 de Santa Ana<\/h3>\n\n\n\n<div class=\"wp-block-columns alignwide is-layout-flex wp-container-core-columns-is-layout-9d6595d7 wp-block-columns-is-layout-flex\">\n<div class=\"wp-block-column is-layout-flow wp-block-column-is-layout-flow\">\n<p>OCCET Action recomienda a Jessie Lopez como concejal del distrito 3 de Santa Ana.<\/p>\n\n\n\n<p><strong>Jessie Lopez<\/strong> es una promotora de salud en la organizaci\u00f3n Latino Health Access, y est\u00e1 involucrada con grupos locales y movimientos para mejorar la comunidad.<\/p>\n\n\n\n<p>Algunas de sus prioridades incluyen:<\/p>\n\n\n\n<ul class=\"wp-block-list\"><li>construir y proteger <strong>viviendas asequibles<\/strong><\/li><li>un presupuesto justo y equitativo <strong>que invierta en los j\u00f3venes<\/strong><\/li><li>expandir <strong>espacios abiertos<\/strong>, especialmente en las comunidades marginalizadas<\/li><\/ul>\n\n\n\n<p><\/p>\n<\/div>\n\n\n\n<div class=\"wp-block-column is-vertically-aligned-top is-layout-flow wp-block-column-is-layout-flow\">\n<figure class=\"wp-block-image size-large\"><img decoding=\"async\" src=\"https:\/\/ocaction.org\/wp-content\/uploads\/sites\/56\/2020\/10\/Candidate-Check-rev27.png\" alt=\"\" class=\"wp-image-2320\" \/><\/figure>\n<\/div>\n\n\n\n<div class=\"wp-block-column is-vertically-aligned-top is-layout-flow wp-block-column-is-layout-flow\">\n<h4 class=\"has-secondary-color has-text-color wp-block-heading\">Respaldantes<\/h4>\n\n\n\n<p>Algunos de aquellos que respaldan a Jessie Lopez incluyen:<\/p>\n\n\n\n<ul class=\"wp-block-list\"><li>Vicente Sarmiento, Santa Ana City Councilmember<\/li><li>Carolyn Torres, Santa Ana Unified School District Turstee<\/li><li>Service Employees International Union (SEIU) Local 721<\/li><li>Planned Parenthood<\/li><\/ul>\n\n\n\n<div class=\"wp-block-buttons is-layout-flex wp-block-buttons-is-layout-flex\">\n<div class=\"wp-block-button is-style-outline is-style-outline--2\"><a class=\"wp-block-button__link\" href=\"https:\/\/www.votejessielopez.com\/endorsements\">Ver lista completa<\/a><\/div>\n<\/div>\n<\/div>\n<\/div>\n\n\n\n<div class=\"wp-block-cover alignfull has-background-dim is-position-center-center\" style=\"background-image:url(http:\/\/ocaction.org\/wp-content\/uploads\/sites\/8\/2020\/09\/Julia-Lathrop-Junior-High-School.jpg);background-color:#347ace;background-position:27% 50%;min-height:20px;aspect-ratio:unset;\"><div class=\"wp-block-cover__inner-container is-layout-flow wp-block-cover-is-layout-flow\">\n<div class=\"wp-block-media-text alignwide has-media-on-the-right is-stacked-on-mobile is-vertically-aligned-center\" style=\"grid-template-columns:auto 33%\"><figure class=\"wp-block-media-text__media\"><img decoding=\"async\" width=\"171\" height=\"170\" src=\"http:\/\/ocaction.org\/wp-content\/uploads\/sites\/8\/2020\/09\/Santa-Ana-Unified-School-District-Map.png\" alt=\"\" class=\"wp-image-1924\" srcset=\"https:\/\/ocaction.org\/wp-content\/uploads\/sites\/8\/2020\/09\/Santa-Ana-Unified-School-District-Map.png 171w, https:\/\/ocaction.org\/wp-content\/uploads\/sites\/8\/2020\/09\/Santa-Ana-Unified-School-District-Map-150x150.png 150w\" sizes=\"(max-width: 171px) 100vw, 171px\" \/><\/figure><div class=\"wp-block-media-text__content\">\n<h2 class=\"has-text-align-right wp-block-heading\" id=\"sausd\">Distrito Escolar Unificado de Santa Ana <\/h2>\n\n\n\n<p>Hay cinco miembros de la mesa directiva El Distrito Escolar de Santa Ana, elegidos por votaci\u00f3n generalizada (\u00abat-large\u00bb). La mesa elige un superintendente, y establece direcciones a grandes rasgos, y establece pol\u00edticas p\u00fablicas.<\/p>\n\n\n\n<p>Hay una porci\u00f3n de la ciudad de Santa Ana al oeste del r\u00edo de Santa Ana que no pertenece en el distrito escolar, y partes de Irvine y Costa Mesa est\u00e1 inclu\u00eddas en el distrito.<\/p>\n\n\n\n<p>En las elecciones del 2020, los votantes elegir\u00e1n a 3 miembros de la mesa directiva; <a href=\"https:\/\/www.ocvote.com\/fileadmin\/user_upload\/data\/candlog\/GEN2020\/candlog.pdf\"><span style=\"color:#ffea00\" class=\"has-inline-color\">de los 6 candidatos<\/span><\/a>, los 3 que obtengan m\u00e1s votos ser\u00e1n electos.<\/p>\n<\/div><\/div>\n\n\n\n<p><\/p>\n<\/div><\/div>\n\n\n\n<h3 class=\"has-text-align-center has-secondary-color has-text-color wp-block-heading\" id=\"sa3\">Distrito Escolar de Santa Ana<\/h3>\n\n\n\n<div class=\"wp-block-columns alignwide is-layout-flex wp-container-core-columns-is-layout-9d6595d7 wp-block-columns-is-layout-flex\">\n<div class=\"wp-block-column is-layout-flow wp-block-column-is-layout-flow\">\n<p>OCCET Action recomienda a Alfonso Alvarez como miembro de la mesa directiva del Distrito Escolar Unificado de Santa Ana.<\/p>\n\n\n\n<p id=\"sausd1\"><strong>Alfonso Alvarez<\/strong> trabaja en el sector de servicio social, asegur\u00e1ndose que los estudiantes tengan el apoyo necesario para recibir una educaci\u00f3n de calidad y poder alcanzar sus metas. Alvarez es miembro presente de la mesa directiva, postul\u00e1ndose para su reelecci\u00f3n.<\/p>\n\n\n\n<p>Algunas de sus prioridades incluyen:<\/p>\n\n\n\n<ul class=\"wp-block-list\"><li>continue to support students to learn while facing the COVID-19 crisis, with a focus on providing <strong>food for students<\/strong>, <strong>mental health<\/strong>, and support for students who are <strong>homeless<\/strong>. <\/li><\/ul>\n\n\n\n<p><\/p>\n<\/div>\n\n\n\n<div class=\"wp-block-column is-vertically-aligned-top is-layout-flow wp-block-column-is-layout-flow\">\n<figure class=\"wp-block-image size-large\"><img decoding=\"async\" src=\"https:\/\/ocaction.org\/wp-content\/uploads\/sites\/56\/2020\/10\/Candidate-Check-rev23.png\" alt=\"\" class=\"wp-image-2304\" \/><\/figure>\n\n\n\n<p><\/p>\n<\/div>\n\n\n\n<div class=\"wp-block-column is-vertically-aligned-top is-layout-flow wp-block-column-is-layout-flow\">\n<h4 class=\"has-secondary-color has-text-color wp-block-heading\">Respaldantes<\/h4>\n\n\n\n<p>Algunos de aquellos que respaldan a Alfonso Alvarez incluyen:<\/p>\n\n\n\n<ul class=\"wp-block-list\" id=\"block-772543b7-8d94-414c-a8b5-0c89a6df2310\"><li>Santa Ana Teachers Union<\/li><li>California School Employees Association Chapter 41<\/li><li>Santa Ana Educators Association<\/li><\/ul>\n<\/div>\n<\/div>\n\n\n\n<div class=\"wp-block-cover alignfull has-background-dim\" style=\"background-color:#347ace;min-height:150px;aspect-ratio:unset;\"><div class=\"wp-block-cover__inner-container is-layout-flow wp-block-cover-is-layout-flow\">\n<p class=\"has-text-align-center has-large-font-size\"><\/p>\n<\/div><\/div>\n\n\n\n<h3 class=\"has-text-align-center has-secondary-color has-text-color wp-block-heading\" id=\"sa3\">Distrito Escolar de Santa Ana<\/h3>\n\n\n\n<div class=\"wp-block-columns alignwide is-layout-flex wp-container-core-columns-is-layout-9d6595d7 wp-block-columns-is-layout-flex\">\n<div class=\"wp-block-column is-layout-flow wp-block-column-is-layout-flow\">\n<p id=\"sausd2\">OCCET Action recomienda a Jessie Lopez como miembro de la mesa directiva del Distrito Escolar Unificado de Santa Ana.<\/p>\n\n\n\n<p><strong>Carolyn Torres <\/strong>es maestra en Dale Junior High School en Anaheim, una activista y organizadora comunitaria.<\/p>\n\n\n\n<p>Algunas de sus prioridades incluyen:<\/p>\n\n\n\n<ul class=\"wp-block-list\"><li>que los estudiantes puedan acceder la <strong>tecnolog\u00eda <\/strong>que necesiten<\/li><li>que el personal educativo pueda recibir <strong>entrenamiento <\/strong>que necesiten<\/li><li>que el personal clasificado pueda trabajar en un<strong> entorno laboral seguro<\/strong><\/li><\/ul>\n\n\n\n<p><\/p>\n<\/div>\n\n\n\n<div class=\"wp-block-column is-vertically-aligned-top is-layout-flow wp-block-column-is-layout-flow\">\n<figure class=\"wp-block-image size-large\"><img decoding=\"async\" src=\"https:\/\/ocaction.org\/wp-content\/uploads\/sites\/56\/2020\/10\/Candidate-Check-rev24.png\" alt=\"\" class=\"wp-image-2308\" \/><\/figure>\n\n\n\n<p><\/p>\n<\/div>\n\n\n\n<div class=\"wp-block-column is-vertically-aligned-top is-layout-flow wp-block-column-is-layout-flow\">\n<h4 class=\"has-secondary-color has-text-color wp-block-heading\">Respaldantes<\/h4>\n\n\n\n<p>Algunos de aquellos que respaldan a Carolyn Torres incluyen:<\/p>\n\n\n\n<ul class=\"wp-block-list\" id=\"block-c6ea2c54-e872-4336-a17a-a2be14e7ee1e\"><li>Santa Ana Teachers Union<\/li><li>Planned Parenthood<\/li><li>Walter Muneton, Garden Grove Unified School Board President<\/li><li>California School Employees Association Chapter 41<\/li><\/ul>\n<\/div>\n<\/div>\n\n\n\n<div class=\"wp-block-cover alignfull has-background-dim\" style=\"background-color:#347ace;min-height:150px;aspect-ratio:unset;\"><div class=\"wp-block-cover__inner-container is-layout-flow wp-block-cover-is-layout-flow\">\n<p class=\"has-text-align-center has-large-font-size\"><\/p>\n<\/div><\/div>\n\n\n\n<h3 class=\"has-text-align-center has-secondary-color has-text-color wp-block-heading\" id=\"sa3\">Distrito Escolar de Santa Ana<\/h3>\n\n\n\n<div class=\"wp-block-columns alignwide is-layout-flex wp-container-core-columns-is-layout-9d6595d7 wp-block-columns-is-layout-flex\">\n<div class=\"wp-block-column is-layout-flow wp-block-column-is-layout-flow\">\n<p id=\"sausd3\">OCCET Action recomienda a Rigoberto Rodr\u00edguez como miembro de la mesa directiva del Distrito Escolar Unificado de Santa Ana.<\/p>\n\n\n\n<p><strong>Rigoberto Rodriguez<\/strong> es un profesor en California State University &#8211; Long Beach y lleva tres d\u00e9cadas de activismo en la comunidad. Es hijo de inmigrantes campesinos mexicanos.<\/p>\n\n\n\n<p>Algunas de sus prioridades incluyen:<\/p>\n\n\n\n<ul class=\"wp-block-list\"><li>entregar una <strong>educaci\u00f3n equitativa<\/strong> y de calidad a todos los estudiantes<\/li><li>el <strong>bienestar multidimensional<\/strong> de los estudiantes<\/li><li>proveer un <strong>curr\u00edculum inclusivo<\/strong>, incluyendo estudios \u00e9tnicos y de anti-racismo<\/li><\/ul>\n\n\n\n<p><\/p>\n<\/div>\n\n\n\n<div class=\"wp-block-column is-vertically-aligned-top is-layout-flow wp-block-column-is-layout-flow\">\n<figure class=\"wp-block-image size-large\"><img decoding=\"async\" src=\"https:\/\/ocaction.org\/wp-content\/uploads\/sites\/56\/2020\/10\/Candidate-Check-rev29.png\" alt=\"\" class=\"wp-image-2328\" \/><\/figure>\n\n\n\n<p><\/p>\n<\/div>\n\n\n\n<div class=\"wp-block-column is-vertically-aligned-top is-layout-flow wp-block-column-is-layout-flow\">\n<h4 class=\"has-secondary-color has-text-color wp-block-heading\">Respaldantes<\/h4>\n\n\n\n<p>Algunos de aquellos que respaldan a Rigoberto Rodriguez incluyen:<\/p>\n\n\n\n<ul class=\"wp-block-list\" id=\"block-c6ea2c54-e872-4336-a17a-a2be14e7ee1e\"><li>Santa Ana Educators Association<\/li><li>Community Action Fund of Planned Parenthood of Orange &amp; San Bernardino<\/li><li>California School Employees Association Chapter 41<\/li><\/ul>\n<\/div>\n<\/div>\n\n\n","protected":false},"excerpt":{"rendered":"<p>Mayor of Sana Ana:&nbsp;Vicente Sarmiento City Council District 1:&nbsp;Thai Viet Phan City Council District 3:&nbsp;Jessie Lopez Santa Ana Unified School District Alfonso Alvarez Carolyn Torres Rigoberto Rodriguez Alcalde de Santa Ana OCCET Action recomienda a Vicente Sarmiento como alcalde de Santa Ana. Vicente Sarmiento es el actual concejal de Santa Ana y es un abogado [&hellip;]<\/p>\n","protected":false},"author":1,"featured_media":0,"parent":2450,"menu_order":0,"comment_status":"closed","ping_status":"closed","template":"","meta":{"footnotes":""},"class_list":["post-2469","page","type-page","status-publish","hentry"],"yoast_head":"<!-- This site is optimized with the Yoast SEO Premium plugin v25.6 (Yoast SEO v25.6) - https:\/\/yoast.com\/wordpress\/plugins\/seo\/ -->\n<title>Santa Ana - OC Action<\/title>\n<meta name=\"robots\" content=\"index, follow, max-snippet:-1, max-image-preview:large, max-video-preview:-1\" \/>\n<link rel=\"canonical\" href=\"https:\/\/ocaction.org\/c\/santaana\/\" \/>\n<meta property=\"og:locale\" content=\"es_ES\" \/>\n<meta property=\"og:type\" content=\"article\" \/>\n<meta property=\"og:title\" content=\"Santa Ana\" \/>\n<meta property=\"og:description\" content=\"Mayor of Sana Ana:&nbsp;Vicente Sarmiento City Council District 1:&nbsp;Thai Viet Phan City Council District 3:&nbsp;Jessie Lopez Santa Ana Unified School District Alfonso Alvarez Carolyn Torres Rigoberto Rodriguez Alcalde de Santa Ana OCCET Action recomienda a Vicente Sarmiento como alcalde de Santa Ana. Vicente Sarmiento es el actual concejal de Santa Ana y es un abogado [&hellip;]\" \/>\n<meta property=\"og:url\" content=\"https:\/\/ocaction.org\/c\/santaana\/\" \/>\n<meta property=\"og:site_name\" content=\"OC Action\" \/>\n<meta property=\"article:modified_time\" content=\"2025-02-07T06:16:56+00:00\" \/>\n<meta property=\"og:image\" content=\"https:\/\/ocaction.org\/wp-content\/uploads\/sites\/8\/2020\/09\/Santa-Ana-Wards.png\" \/>\n\t<meta property=\"og:image:width\" content=\"666\" \/>\n\t<meta property=\"og:image:height\" content=\"669\" \/>\n\t<meta property=\"og:image:type\" content=\"image\/png\" \/>\n<meta name=\"twitter:card\" content=\"summary_large_image\" \/>\n<meta name=\"twitter:label1\" content=\"Tiempo de lectura\" \/>\n\t<meta name=\"twitter:data1\" content=\"5 minutos\" \/>\n<script type=\"application\/ld+json\" class=\"yoast-schema-graph\">{\"@context\":\"https:\/\/schema.org\",\"@graph\":[{\"@type\":\"WebPage\",\"@id\":\"https:\/\/ocaction.org\/c\/santaana\/\",\"url\":\"https:\/\/ocaction.org\/c\/santaana\/\",\"name\":\"Santa Ana - OC Action\",\"isPartOf\":{\"@id\":\"https:\/\/ocaction.org\/#website\"},\"primaryImageOfPage\":{\"@id\":\"https:\/\/ocaction.org\/c\/santaana\/#primaryimage\"},\"image\":{\"@id\":\"https:\/\/ocaction.org\/c\/santaana\/#primaryimage\"},\"thumbnailUrl\":\"http:\/\/ocaction.org\/wp-content\/uploads\/sites\/8\/2020\/09\/Santa-Ana-Wards.png\",\"datePublished\":\"2020-10-10T19:28:55+00:00\",\"dateModified\":\"2025-02-07T06:16:56+00:00\",\"breadcrumb\":{\"@id\":\"https:\/\/ocaction.org\/c\/santaana\/#breadcrumb\"},\"inLanguage\":\"es\",\"potentialAction\":[{\"@type\":\"ReadAction\",\"target\":[\"https:\/\/ocaction.org\/c\/santaana\/\"]}]},{\"@type\":\"ImageObject\",\"inLanguage\":\"es\",\"@id\":\"https:\/\/ocaction.org\/c\/santaana\/#primaryimage\",\"url\":\"http:\/\/ocaction.org\/wp-content\/uploads\/sites\/8\/2020\/09\/Santa-Ana-Wards.png\",\"contentUrl\":\"http:\/\/ocaction.org\/wp-content\/uploads\/sites\/8\/2020\/09\/Santa-Ana-Wards.png\"},{\"@type\":\"BreadcrumbList\",\"@id\":\"https:\/\/ocaction.org\/c\/santaana\/#breadcrumb\",\"itemListElement\":[{\"@type\":\"ListItem\",\"position\":1,\"name\":\"Home\",\"item\":\"https:\/\/ocaction.org\/\"},{\"@type\":\"ListItem\",\"position\":2,\"name\":\"Candidate Subpages\",\"item\":\"https:\/\/ocaction.org\/c\/\"},{\"@type\":\"ListItem\",\"position\":3,\"name\":\"Santa Ana\"}]},{\"@type\":\"WebSite\",\"@id\":\"https:\/\/ocaction.org\/#website\",\"url\":\"https:\/\/ocaction.org\/\",\"name\":\"OC Action\",\"description\":\"\",\"publisher\":{\"@id\":\"https:\/\/ocaction.org\/#organization\"},\"potentialAction\":[{\"@type\":\"SearchAction\",\"target\":{\"@type\":\"EntryPoint\",\"urlTemplate\":\"https:\/\/ocaction.org\/?s={search_term_string}\"},\"query-input\":{\"@type\":\"PropertyValueSpecification\",\"valueRequired\":true,\"valueName\":\"search_term_string\"}}],\"inLanguage\":\"es\"},{\"@type\":[\"Organization\",\"Place\"],\"@id\":\"https:\/\/ocaction.org\/#organization\",\"name\":\"OC Action\",\"url\":\"https:\/\/ocaction.org\/\",\"logo\":{\"@id\":\"https:\/\/ocaction.org\/c\/santaana\/#local-main-organization-logo\"},\"image\":{\"@id\":\"https:\/\/ocaction.org\/c\/santaana\/#local-main-organization-logo\"},\"telephone\":[],\"openingHoursSpecification\":[{\"@type\":\"OpeningHoursSpecification\",\"dayOfWeek\":[\"Monday\",\"Tuesday\",\"Wednesday\",\"Thursday\",\"Friday\",\"Saturday\",\"Sunday\"],\"opens\":\"09:00\",\"closes\":\"17:00\"}]},{\"@type\":\"ImageObject\",\"inLanguage\":\"es\",\"@id\":\"https:\/\/ocaction.org\/c\/santaana\/#local-main-organization-logo\",\"url\":\"https:\/\/ocaction.org\/wp-content\/uploads\/sites\/8\/2025\/08\/OC-Action-Banner.png\",\"contentUrl\":\"https:\/\/ocaction.org\/wp-content\/uploads\/sites\/8\/2025\/08\/OC-Action-Banner.png\",\"width\":767,\"height\":190,\"caption\":\"OC Action\"}]}<\/script>\n<!-- \/ Yoast SEO Premium plugin. -->","yoast_head_json":{"title":"Santa Ana - OC Action","robots":{"index":"index","follow":"follow","max-snippet":"max-snippet:-1","max-image-preview":"max-image-preview:large","max-video-preview":"max-video-preview:-1"},"canonical":"https:\/\/ocaction.org\/c\/santaana\/","og_locale":"es_ES","og_type":"article","og_title":"Santa Ana","og_description":"Mayor of Sana Ana:&nbsp;Vicente Sarmiento City Council District 1:&nbsp;Thai Viet Phan City Council District 3:&nbsp;Jessie Lopez Santa Ana Unified School District Alfonso Alvarez Carolyn Torres Rigoberto Rodriguez Alcalde de Santa Ana OCCET Action recomienda a Vicente Sarmiento como alcalde de Santa Ana. Vicente Sarmiento es el actual concejal de Santa Ana y es un abogado [&hellip;]","og_url":"https:\/\/ocaction.org\/c\/santaana\/","og_site_name":"OC Action","article_modified_time":"2025-02-07T06:16:56+00:00","og_image":[{"width":666,"height":669,"url":"https:\/\/ocaction.org\/wp-content\/uploads\/sites\/8\/2020\/09\/Santa-Ana-Wards.png","type":"image\/png"}],"twitter_card":"summary_large_image","twitter_misc":{"Tiempo de lectura":"5 minutos"},"schema":{"@context":"https:\/\/schema.org","@graph":[{"@type":"WebPage","@id":"https:\/\/ocaction.org\/c\/santaana\/","url":"https:\/\/ocaction.org\/c\/santaana\/","name":"Santa Ana - OC Action","isPartOf":{"@id":"https:\/\/ocaction.org\/#website"},"primaryImageOfPage":{"@id":"https:\/\/ocaction.org\/c\/santaana\/#primaryimage"},"image":{"@id":"https:\/\/ocaction.org\/c\/santaana\/#primaryimage"},"thumbnailUrl":"http:\/\/ocaction.org\/wp-content\/uploads\/sites\/8\/2020\/09\/Santa-Ana-Wards.png","datePublished":"2020-10-10T19:28:55+00:00","dateModified":"2025-02-07T06:16:56+00:00","breadcrumb":{"@id":"https:\/\/ocaction.org\/c\/santaana\/#breadcrumb"},"inLanguage":"es","potentialAction":[{"@type":"ReadAction","target":["https:\/\/ocaction.org\/c\/santaana\/"]}]},{"@type":"ImageObject","inLanguage":"es","@id":"https:\/\/ocaction.org\/c\/santaana\/#primaryimage","url":"http:\/\/ocaction.org\/wp-content\/uploads\/sites\/8\/2020\/09\/Santa-Ana-Wards.png","contentUrl":"http:\/\/ocaction.org\/wp-content\/uploads\/sites\/8\/2020\/09\/Santa-Ana-Wards.png"},{"@type":"BreadcrumbList","@id":"https:\/\/ocaction.org\/c\/santaana\/#breadcrumb","itemListElement":[{"@type":"ListItem","position":1,"name":"Home","item":"https:\/\/ocaction.org\/"},{"@type":"ListItem","position":2,"name":"Candidate Subpages","item":"https:\/\/ocaction.org\/c\/"},{"@type":"ListItem","position":3,"name":"Santa Ana"}]},{"@type":"WebSite","@id":"https:\/\/ocaction.org\/#website","url":"https:\/\/ocaction.org\/","name":"OC Action","description":"","publisher":{"@id":"https:\/\/ocaction.org\/#organization"},"potentialAction":[{"@type":"SearchAction","target":{"@type":"EntryPoint","urlTemplate":"https:\/\/ocaction.org\/?s={search_term_string}"},"query-input":{"@type":"PropertyValueSpecification","valueRequired":true,"valueName":"search_term_string"}}],"inLanguage":"es"},{"@type":["Organization","Place"],"@id":"https:\/\/ocaction.org\/#organization","name":"OC Action","url":"https:\/\/ocaction.org\/","logo":{"@id":"https:\/\/ocaction.org\/c\/santaana\/#local-main-organization-logo"},"image":{"@id":"https:\/\/ocaction.org\/c\/santaana\/#local-main-organization-logo"},"telephone":[],"openingHoursSpecification":[{"@type":"OpeningHoursSpecification","dayOfWeek":["Monday","Tuesday","Wednesday","Thursday","Friday","Saturday","Sunday"],"opens":"09:00","closes":"17:00"}]},{"@type":"ImageObject","inLanguage":"es","@id":"https:\/\/ocaction.org\/c\/santaana\/#local-main-organization-logo","url":"https:\/\/ocaction.org\/wp-content\/uploads\/sites\/8\/2025\/08\/OC-Action-Banner.png","contentUrl":"https:\/\/ocaction.org\/wp-content\/uploads\/sites\/8\/2025\/08\/OC-Action-Banner.png","width":767,"height":190,"caption":"OC Action"}]}},"_links":{"self":[{"href":"https:\/\/ocaction.org\/es\/wp-json\/wp\/v2\/pages\/2469","targetHints":{"allow":["GET"]}}],"collection":[{"href":"https:\/\/ocaction.org\/es\/wp-json\/wp\/v2\/pages"}],"about":[{"href":"https:\/\/ocaction.org\/es\/wp-json\/wp\/v2\/types\/page"}],"author":[{"embeddable":true,"href":"https:\/\/ocaction.org\/es\/wp-json\/wp\/v2\/users\/1"}],"replies":[{"embeddable":true,"href":"https:\/\/ocaction.org\/es\/wp-json\/wp\/v2\/comments?post=2469"}],"version-history":[{"count":1,"href":"https:\/\/ocaction.org\/es\/wp-json\/wp\/v2\/pages\/2469\/revisions"}],"predecessor-version":[{"id":6463,"href":"https:\/\/ocaction.org\/es\/wp-json\/wp\/v2\/pages\/2469\/revisions\/6463"}],"up":[{"embeddable":true,"href":"https:\/\/ocaction.org\/es\/wp-json\/wp\/v2\/pages\/2450"}],"wp:attachment":[{"href":"https:\/\/ocaction.org\/es\/wp-json\/wp\/v2\/media?parent=2469"}],"curies":[{"name":"wp","href":"https:\/\/api.w.org\/{rel}","templated":true}]}}